{"id":18900,"date":"2022-03-14T11:04:03","date_gmt":"2022-03-14T11:04:03","guid":{"rendered":"http:\/\/bahai.be\/?page_id=18900"},"modified":"2022-09-03T12:19:26","modified_gmt":"2022-09-03T12:19:26","slug":"conference","status":"publish","type":"page","link":"https:\/\/bahai.be\/fr\/conference\/","title":{"rendered":"Conference"},"content":{"rendered":"<div class=\"wpb-content-wrapper\"><p>[vc_row css_animation=\u00a0\u00bb\u00a0\u00bb row_type=\u00a0\u00bbrow\u00a0\u00bb use_row_as_full_screen_section=\u00a0\u00bbyes\u00a0\u00bb type=\u00a0\u00bbgrid\u00a0\u00bb angled_section=\u00a0\u00bbno\u00a0\u00bb text_align=\u00a0\u00bbleft\u00a0\u00bb background_image_as_pattern=\u00a0\u00bbwithout_pattern\u00a0\u00bb][vc_column][vc_raw_html]JTNDYSUyMG5hbWUlM0QlMjJjb25mZXJlbmNlJTIyJTNFJTNDJTJGYSUzRQ==[\/vc_raw_html][\/vc_column][\/vc_row][vc_row css_animation=\u00a0\u00bb\u00a0\u00bb row_type=\u00a0\u00bbrow\u00a0\u00bb use_row_as_full_screen_section=\u00a0\u00bbno\u00a0\u00bb type=\u00a0\u00bbgrid\u00a0\u00bb angled_section=\u00a0\u00bbno\u00a0\u00bb text_align=\u00a0\u00bbleft\u00a0\u00bb background_image_as_pattern=\u00a0\u00bbwithout_pattern\u00a0\u00bb css=\u00a0\u00bb.vc_custom_1647252752643{padding-top: 2% !important;padding-bottom: 4% !important;}\u00a0\u00bb][vc_column width=\u00a0\u00bb2\/3&Prime; offset=\u00a0\u00bbvc_col-lg-offset-2 vc_hidden-lg vc_hidden-md vc_hidden-sm\u00a0\u00bb]<div class=\"custom_font_holder \" style=\"font-family: crimson text; font-style: normal; font-weight: 400; color: #4c4c4c; text-decoration: none; text-align: center; --qode-cf-font-size: 50px; --qode-cf-line-height: 50px; --qode-cf-font-size-1440: 50px; --qode-cf-line-height-1440: 50px; --qode-cf-font-size-1366: 50px; --qode-cf-line-height-1366: 50px; --qode-cf-font-size-1280: 50px; --qode-cf-line-height-1280: 50px; --qode-cf-font-size-1024: 50px; --qode-cf-line-height-1024: 50px; --qode-cf-font-size-768: 50px; --qode-cf-line-height-768: 50px; --qode-cf-font-size-680: 50px; --qode-cf-line-height-680: 50px; --qode-cf-font-size-480: 50px; --qode-cf-line-height-480: 50px;\">Construire des communaut\u00e9s dynamiques<\/div>[\/vc_column][\/vc_row][vc_row css_animation=\u00a0\u00bb\u00a0\u00bb row_type=\u00a0\u00bbrow\u00a0\u00bb use_row_as_full_screen_section=\u00a0\u00bbno\u00a0\u00bb type=\u00a0\u00bbgrid\u00a0\u00bb angled_section=\u00a0\u00bbno\u00a0\u00bb text_align=\u00a0\u00bbleft\u00a0\u00bb background_image_as_pattern=\u00a0\u00bbwithout_pattern\u00a0\u00bb][vc_column width=\u00a0\u00bb2\/3&Prime; offset=\u00a0\u00bbvc_col-lg-offset-2 vc_col-sm-offset-1 vc_hidden-xs\u00a0\u00bb]<div class=\"custom_font_holder \" style=\"font-family: crimson text; font-style: normal; font-weight: 400; color: #4c4c4c; text-decoration: none; text-align: center; --qode-cf-font-size: 95px; --qode-cf-line-height: 95px; --qode-cf-font-size-1440: 95px; --qode-cf-line-height-1440: 95px; --qode-cf-font-size-1366: 95px; --qode-cf-line-height-1366: 95px; --qode-cf-font-size-1280: 95px; --qode-cf-line-height-1280: 95px; --qode-cf-font-size-1024: 95px; --qode-cf-line-height-1024: 95px; --qode-cf-font-size-768: 95px; --qode-cf-line-height-768: 95px; --qode-cf-font-size-680: 95px; --qode-cf-line-height-680: 95px; --qode-cf-font-size-480: 95px; --qode-cf-line-height-480: 95px;\">Construire des communaut\u00e9s dynamiques<\/div>[\/vc_column][\/vc_row][vc_row css_animation=\u00a0\u00bb\u00a0\u00bb row_type=\u00a0\u00bbrow\u00a0\u00bb use_row_as_full_screen_section=\u00a0\u00bbno\u00a0\u00bb type=\u00a0\u00bbgrid\u00a0\u00bb angled_section=\u00a0\u00bbno\u00a0\u00bb text_align=\u00a0\u00bbleft\u00a0\u00bb background_image_as_pattern=\u00a0\u00bbwithout_pattern\u00a0\u00bb css=\u00a0\u00bb.vc_custom_1647252406608{padding-top: 4% !important;padding-bottom: 4% !important;}\u00a0\u00bb][vc_column width=\u00a0\u00bb2\/3&Prime; offset=\u00a0\u00bbvc_col-lg-offset-2 vc_col-sm-offset-1&Prime;]<div class=\"custom_font_holder \" style=\"font-family: crimson text; font-style: normal; font-weight: 400; color: #4c4c4c; text-decoration: none; letter-spacing: 5px; text-align: center; --qode-cf-font-size: 35px; --qode-cf-line-height: 55px; --qode-cf-font-size-1440: 35px; --qode-cf-line-height-1440: 55px; --qode-cf-font-size-1366: 35px; --qode-cf-line-height-1366: 55px; --qode-cf-font-size-1280: 35px; --qode-cf-line-height-1280: 55px; --qode-cf-font-size-1024: 35px; --qode-cf-line-height-1024: 55px; --qode-cf-font-size-768: 35px; --qode-cf-line-height-768: 55px; --qode-cf-font-size-680: 35px; --qode-cf-line-height-680: 55px; --qode-cf-font-size-480: 35px; --qode-cf-line-height-480: 55px;\">Tous acteurs du changement.<\/div>[vc_empty_space height=\u00a0\u00bb40px\u00a0\u00bb][vc_column_text]<\/p>\n<h4 style=\"text-align: center;\"><strong>Bruxelles<\/strong><\/h4>\n<p>&nbsp;<\/p>\n<p style=\"text-align: center;\"><strong>8 octobre 2022, de 10h \u00e0 18h<\/strong><\/p>\n<p style=\"text-align: center;\"><em>Une mission historique. Une immense entreprise collective.<\/em><\/p>\n<p>[\/vc_column_text][\/vc_column][\/vc_row][vc_row css_animation=\u00a0\u00bb\u00a0\u00bb row_type=\u00a0\u00bbrow\u00a0\u00bb use_row_as_full_screen_section=\u00a0\u00bbno\u00a0\u00bb type=\u00a0\u00bbgrid\u00a0\u00bb angled_section=\u00a0\u00bbno\u00a0\u00bb text_align=\u00a0\u00bbleft\u00a0\u00bb background_image_as_pattern=\u00a0\u00bbwithout_pattern\u00a0\u00bb css=\u00a0\u00bb.vc_custom_1647012456564{padding-bottom: 2% !important;}\u00a0\u00bb][vc_column width=\u00a0\u00bb2\/3&Prime; offset=\u00a0\u00bbvc_col-lg-offset-2 vc_col-sm-offset-1&Prime;][vc_column_text]Une vague de conf\u00e9rences, ouvertes \u00e0 tous les d\u00e9fenseurs de l&rsquo;humanit\u00e9, d\u00e9ferle sur la plan\u00e8te pour explorer les progr\u00e8s et les efforts de nos communaut\u00e9s et l&rsquo;appel universel de Bah\u00e1&rsquo;u&rsquo;ll\u00e1h \u00e0 travailler \u00e0 l&rsquo;am\u00e9lioration du monde. Les conf\u00e9rences sont ouvertes aux personnes de tous horizons, cultures, croyances et \u00e2ges. Les familles sont particuli\u00e8rement bienvenues et des programmes seront propos\u00e9s aux enfants et aux jeunes.<\/p>\n<p>&nbsp;<\/p>\n<p style=\"text-align: justify;\">Bruxelles accueillera une conf\u00e9rence parmi les milliers\u00a0organis\u00e9es dans le monde.<\/p>\n<p>[\/vc_column_text][vc_empty_space height=\u00a0\u00bb30px\u00a0\u00bb][\/vc_column][\/vc_row][vc_row css_animation=\u00a0\u00bb\u00a0\u00bb row_type=\u00a0\u00bbrow\u00a0\u00bb use_row_as_full_screen_section=\u00a0\u00bbno\u00a0\u00bb type=\u00a0\u00bbfull_width\u00a0\u00bb angled_section=\u00a0\u00bbno\u00a0\u00bb text_align=\u00a0\u00bbcenter\u00a0\u00bb background_image_as_pattern=\u00a0\u00bbwithout_pattern\u00a0\u00bb css=\u00a0\u00bb.vc_custom_1647012525821{padding-bottom: 2% !important;}\u00a0\u00bb][vc_column css=\u00a0\u00bb.vc_custom_1489737828566{padding-top: 0px !important;padding-bottom: 0px !important;}\u00a0\u00bb]<a  itemprop=\"url\" href=\"https:\/\/forms.gle\/bLfDR8tSXxnhLJnv9\" target=\"_self\"  class=\"qbutton  large center default\" style=\"\">S'inscrire \u00e0 la conf\u00e9rence<\/a>[vc_empty_space height=\u00a0\u00bb30px\u00a0\u00bb][\/vc_column][\/vc_row][vc_row css_animation=\u00a0\u00bb\u00a0\u00bb row_type=\u00a0\u00bbrow\u00a0\u00bb use_row_as_full_screen_section=\u00a0\u00bbno\u00a0\u00bb type=\u00a0\u00bbfull_width\u00a0\u00bb angled_section=\u00a0\u00bbno\u00a0\u00bb text_align=\u00a0\u00bbleft\u00a0\u00bb background_image=\u00a0\u00bb18800&Prime; background_image_as_pattern=\u00a0\u00bbwithout_pattern\u00a0\u00bb css=\u00a0\u00bb.vc_custom_1647252219810{padding-top: 10% !important;padding-right: 3% !important;padding-bottom: 10% !important;padding-left: 3% !important;}\u00a0\u00bb][vc_column css=\u00a0\u00bb.vc_custom_1647014755141{padding-top: 0px !important;padding-bottom: 0px !important;}\u00a0\u00bb offset=\u00a0\u00bbvc_col-xs-12&Prime;][vc_column_text]<\/p>\n<h6 style=\"text-align: center;\"><span style=\"color: #ffffff;\">\u00ab\u00a0&#8230;travailler \u00e0 l&rsquo;am\u00e9lioration du monde <\/span><\/h6>\n<h6 style=\"text-align: center;\"><span style=\"color: #ffffff;\">et vivre ensemble dans la concorde et l&rsquo;harmonie.\u00a0\u00bb<\/span><\/h6>\n<h6 style=\"text-align: center;\"><span style=\"color: #ffffff;\">Bah\u00e1\u2019u\u2019ll\u00e1h<\/span><\/h6>\n<p>[\/vc_column_text][\/vc_column][\/vc_row][vc_row css_animation=\u00a0\u00bb\u00a0\u00bb row_type=\u00a0\u00bbrow\u00a0\u00bb use_row_as_full_screen_section=\u00a0\u00bbno\u00a0\u00bb type=\u00a0\u00bbgrid\u00a0\u00bb angled_section=\u00a0\u00bbno\u00a0\u00bb text_align=\u00a0\u00bbleft\u00a0\u00bb background_image_as_pattern=\u00a0\u00bbwithout_pattern\u00a0\u00bb css=\u00a0\u00bb.vc_custom_1647017958100{padding-top: 2% !important;padding-bottom: 2% !important;}\u00a0\u00bb][vc_column width=\u00a0\u00bb2\/3&Prime; offset=\u00a0\u00bbvc_col-lg-offset-2 vc_col-sm-offset-1&Prime;][vc_empty_space height=\u00a0\u00bb50px\u00a0\u00bb][vc_column_text css=\u00a0\u00bb.vc_custom_1647264021352{padding-right: 2% !important;}\u00a0\u00bb]<strong>Qu\u2019allons-nous, individus, institutions et communaut\u00e9s, apprendre ?<\/strong><\/p>\n<ul>\n<li>Apprendre \u00e0 cr\u00e9er des communaut\u00e9s dynamiques et tourn\u00e9es vers l&rsquo;ext\u00e9rieur ;<\/li>\n<li>Ces communaut\u00e9s apprennent \u00e0 r\u00e9aliser des progr\u00e8s spirituels et mat\u00e9riels.<\/li>\n<\/ul>\n<p>[\/vc_column_text][vc_empty_space height=\u00a0\u00bb50px\u00a0\u00bb][\/vc_column][\/vc_row][vc_row css_animation=\u00a0\u00bb\u00a0\u00bb row_type=\u00a0\u00bbrow\u00a0\u00bb use_row_as_full_screen_section=\u00a0\u00bbno\u00a0\u00bb type=\u00a0\u00bbfull_width\u00a0\u00bb angled_section=\u00a0\u00bbno\u00a0\u00bb text_align=\u00a0\u00bbleft\u00a0\u00bb background_image=\u00a0\u00bb18806&Prime; background_image_as_pattern=\u00a0\u00bbwithout_pattern\u00a0\u00bb css=\u00a0\u00bb.vc_custom_1647017256425{padding-top: 10% !important;padding-right: 3% !important;padding-bottom: 10% !important;padding-left: 3% !important;}\u00a0\u00bb][vc_column css=\u00a0\u00bb.vc_custom_1647014755141{padding-top: 0px !important;padding-bottom: 0px !important;}\u00a0\u00bb offset=\u00a0\u00bbvc_col-xs-12&Prime;][vc_column_text]<\/p>\n<h6 style=\"text-align: center;\"><span style=\"color: #ffffff;\">\u00ab\u00a0&#8230;pour chaque communaut\u00e9, il y a un but \u00e0 atteindre, <\/span><\/h6>\n<h6 style=\"text-align: center;\"><span style=\"color: #ffffff;\">et pour chaque but, un chemin pour l&rsquo;atteindre\u00a0\u00bb.<\/span><\/h6>\n<h6 style=\"text-align: center;\"><span style=\"color: #ffffff;\">Maison universelle de justice<\/span><\/h6>\n<p>[\/vc_column_text][\/vc_column][\/vc_row][vc_row css_animation=\u00a0\u00bb\u00a0\u00bb row_type=\u00a0\u00bbrow\u00a0\u00bb use_row_as_full_screen_section=\u00a0\u00bbno\u00a0\u00bb type=\u00a0\u00bbfull_width\u00a0\u00bb angled_section=\u00a0\u00bbno\u00a0\u00bb text_align=\u00a0\u00bbleft\u00a0\u00bb background_image_as_pattern=\u00a0\u00bbwithout_pattern\u00a0\u00bb css=\u00a0\u00bb.vc_custom_1492191281250{padding-top: 0% !important;padding-bottom: 0% !important;}\u00a0\u00bb][vc_column css=\u00a0\u00bb.vc_custom_1647251919602{padding-top: 2% !important;padding-bottom: 2% !important;}\u00a0\u00bb][qode_elements_holder number_of_columns=\u00a0\u00bbtwo_columns\u00a0\u00bb][qode_elements_holder_item vertical_alignment=\u00a0\u00bbmiddle\u00a0\u00bb advanced_animations=\u00a0\u00bbno\u00a0\u00bb][vc_single_image image=\u00a0\u00bb18836&Prime; img_size=\u00a0\u00bblarge\u00a0\u00bb alignment=\u00a0\u00bbright\u00a0\u00bb qode_css_animation=\u00a0\u00bb\u00a0\u00bb][\/qode_elements_holder_item][qode_elements_holder_item background_color=\u00a0\u00bb#fcfaf7&Prime; item_padding=\u00a0\u00bb10% 25% 10% 5%\u00a0\u00bb advanced_animations=\u00a0\u00bbno\u00a0\u00bb item_padding_1280_1440=\u00a0\u00bb10% 15%\u00a0\u00bb item_padding_1024_1280=\u00a0\u00bb10% 15%\u00a0\u00bb item_padding_768_1024=\u00a0\u00bb10% 15%\u00a0\u00bb item_padding_600_768=\u00a0\u00bb10% 15%\u00a0\u00bb item_padding_480_600=\u00a0\u00bb10% 15%\u00a0\u00bb item_padding_480=\u00a0\u00bb10% 15%\u00a0\u00bb]<div class=\"custom_font_holder \" style=\"font-family: crimson text; font-style: normal; font-weight: 400; color: #8bcbde; text-decoration: none; text-align: left; --qode-cf-font-size: 40px; --qode-cf-line-height: 55px; --qode-cf-font-size-1440: 40px; --qode-cf-line-height-1440: 55px; --qode-cf-font-size-1366: 40px; --qode-cf-line-height-1366: 55px; --qode-cf-font-size-1280: 40px; --qode-cf-line-height-1280: 55px; --qode-cf-font-size-1024: 40px; --qode-cf-line-height-1024: 55px; --qode-cf-font-size-768: 40px; --qode-cf-line-height-768: 55px; --qode-cf-font-size-680: 40px; --qode-cf-line-height-680: 55px; --qode-cf-font-size-480: 40px; --qode-cf-line-height-480: 55px;\">\u2018Abdu\u2019l-Bah\u00e1 explique que plus les qualit\u00e9s de coop\u00e9ration et d&rsquo;assistance mutuelle sont manifest\u00e9es par un peuple, \u00ab\u00a0plus la soci\u00e9t\u00e9 humaine avancera dans le progr\u00e8s et la prosp\u00e9rit\u00e9\u00a0\u00bb.<\/div>[vc_empty_space height=\u00a0\u00bb50px\u00a0\u00bb]<div class=\"custom_font_holder \" style=\"font-family: crimson text; font-style: normal; font-weight: 400; color: #8bcbde; text-decoration: none; text-align: left; --qode-cf-font-size: 40px; --qode-cf-line-height: 55px; --qode-cf-font-size-1440: 40px; --qode-cf-line-height-1440: 55px; --qode-cf-font-size-1366: 40px; --qode-cf-line-height-1366: 55px; --qode-cf-font-size-1280: 40px; --qode-cf-line-height-1280: 55px; --qode-cf-font-size-1024: 40px; --qode-cf-line-height-1024: 55px; --qode-cf-font-size-768: 40px; --qode-cf-line-height-768: 55px; --qode-cf-font-size-680: 40px; --qode-cf-line-height-680: 55px; --qode-cf-font-size-480: 40px; --qode-cf-line-height-480: 55px;\">Le monde se trouve \u00e0 un moment charni\u00e8re significatif.<\/div>[vc_empty_space height=\u00a0\u00bb45px\u00a0\u00bb][\/qode_elements_holder_item][\/qode_elements_holder][\/vc_column][\/vc_row][vc_row css_animation=\u00a0\u00bb\u00a0\u00bb row_type=\u00a0\u00bbrow\u00a0\u00bb use_row_as_full_screen_section=\u00a0\u00bbno\u00a0\u00bb type=\u00a0\u00bbfull_width\u00a0\u00bb angled_section=\u00a0\u00bbno\u00a0\u00bb text_align=\u00a0\u00bbleft\u00a0\u00bb background_image=\u00a0\u00bb18890&Prime; background_image_as_pattern=\u00a0\u00bbwithout_pattern\u00a0\u00bb css=\u00a0\u00bb.vc_custom_1647253664949{padding-top: 10% !important;padding-right: 3% !important;padding-bottom: 10% !important;padding-left: 3% !important;}\u00a0\u00bb][vc_column css=\u00a0\u00bb.vc_custom_1647014755141{padding-top: 0px !important;padding-bottom: 0px !important;}\u00a0\u00bb offset=\u00a0\u00bbvc_col-xs-12&Prime;][vc_column_text]<\/p>\n<h6><\/h6>\n<h6 style=\"text-align: center;\"><span style=\"color: #ffffff;\">\u00ab\u00a0Les d\u00e9fis mondiaux auxquels l&rsquo;humanit\u00e9 est confront\u00e9e aujourd&rsquo;hui mettent \u00e0 rude \u00e9preuve sa volont\u00e9 de mettre de c\u00f4t\u00e9 ses int\u00e9r\u00eats personnels \u00e0 court terme et d&rsquo;accepter cette ind\u00e9niable r\u00e9alit\u00e9 spirituelle et morale : il n&rsquo;existe qu&rsquo;une seule famille humaine interconnect\u00e9e, qui partage une pr\u00e9cieuse patrie.\u00a0\u00bb<\/span><\/h6>\n<h6 style=\"text-align: center;\"><span style=\"color: #ffffff;\">\u2014 Maison universelle de justice<\/span><\/h6>\n<p>[\/vc_column_text][\/vc_column][\/vc_row][vc_row css_animation=\u00a0\u00bb\u00a0\u00bb row_type=\u00a0\u00bbrow\u00a0\u00bb use_row_as_full_screen_section=\u00a0\u00bbno\u00a0\u00bb type=\u00a0\u00bbgrid\u00a0\u00bb angled_section=\u00a0\u00bbno\u00a0\u00bb text_align=\u00a0\u00bbcenter\u00a0\u00bb background_image_as_pattern=\u00a0\u00bbwithout_pattern\u00a0\u00bb css=\u00a0\u00bb.vc_custom_1647017626302{padding-top: 2% !important;padding-bottom: 2% !important;}\u00a0\u00bb][vc_column width=\u00a0\u00bb2\/3&Prime; offset=\u00a0\u00bbvc_col-lg-offset-2 vc_col-sm-offset-1&Prime; css=\u00a0\u00bb.vc_custom_1647253307474{padding-top: 6% !important;}\u00a0\u00bb]<div class=\"custom_font_holder \" style=\"font-family: crimson text; font-style: normal; font-weight: 400; color: #4c4c4c; text-decoration: none; text-align: left; --qode-cf-font-size: 40px; --qode-cf-line-height: 55px; --qode-cf-font-size-1440: 40px; --qode-cf-line-height-1440: 55px; --qode-cf-font-size-1366: 40px; --qode-cf-line-height-1366: 55px; --qode-cf-font-size-1280: 40px; --qode-cf-line-height-1280: 55px; --qode-cf-font-size-1024: 40px; --qode-cf-line-height-1024: 55px; --qode-cf-font-size-768: 40px; --qode-cf-line-height-768: 55px; --qode-cf-font-size-680: 40px; --qode-cf-line-height-680: 55px; --qode-cf-font-size-480: 40px; --qode-cf-line-height-480: 55px;\">Rejoignez-nous avec vos amis, vos familles, vos coll\u00e8gues et vos voisins \u00e0 travers la Belgique afin de promouvoir une vision unifi\u00e9e pour l&rsquo;am\u00e9lioration de notre monde unique.<\/div>[vc_empty_space height=\u00a0\u00bb70px\u00a0\u00bb]<a  itemprop=\"url\" href=\"https:\/\/forms.gle\/bLfDR8tSXxnhLJnv9\" target=\"_self\"  class=\"qbutton  large center default\" style=\"\">S'inscrire \u00e0 la conf\u00e9rence<\/a>[\/vc_column][\/vc_row][vc_row css_animation=\u00a0\u00bb\u00a0\u00bb row_type=\u00a0\u00bbrow\u00a0\u00bb use_row_as_full_screen_section=\u00a0\u00bbno\u00a0\u00bb type=\u00a0\u00bbgrid\u00a0\u00bb angled_section=\u00a0\u00bbno\u00a0\u00bb text_align=\u00a0\u00bbleft\u00a0\u00bb background_image_as_pattern=\u00a0\u00bbwithout_pattern\u00a0\u00bb css=\u00a0\u00bb.vc_custom_1646926490862{padding-top: 2% !important;padding-bottom: 8% !important;}\u00a0\u00bb][vc_column width=\u00a0\u00bb2\/3&Prime; offset=\u00a0\u00bbvc_col-lg-offset-2&Prime;][vc_separator type=\u00a0\u00bbnormal\u00a0\u00bb][vc_empty_space height=\u00a0\u00bb45px\u00a0\u00bb][vc_column_text]<strong>Site<\/strong><\/p>\n<p>VUB<br \/>\nBd de la Plaine 13<br \/>\n1050 Ixelles<\/p>\n<p>Sessions pl\u00e9ni\u00e8res : b\u00e2timent Q (voir plan)<br \/>\nSessions en groupes : b\u00e2timent D, deuxi\u00e8me \u00e9tage (voir plan)<\/p>\n<p>&nbsp;<\/p>\n<p><a href=\"https:\/\/student.vub.be\/sites\/vub\/files\/nieuws\/users\/mipers\/plans_vub_etterbeek_nl_2019_juli_public.pdf\">Plan d&rsquo;acc\u00e8s 1<\/a>\u00a0 \u00a0 \u00a0 \u00a0 \u00a0 <a href=\"https:\/\/www.vub.be\/sites\/vub\/files\/2021_11_02_basis_campusplan_etterbeek_kleur_2_.pdf\">Plan d&rsquo;acc\u00e8s 2<\/a><\/p>\n<p>En voiture : Veuillez entrer par la porte 13, qui vous m\u00e8nera au parking souterrain (200 places de parking gratuites).<br \/>\nEn train depuis la gare d&rsquo;Etterbeek : Veuillez entrer par la porte 13<br \/>\nEn bus 95 &#8211; 96 : Veuillez entrer par la porte 13<br \/>\nEn tram 7 &#8211; 25 ou \u00e0 v\u00e9lo : Veuillez entrer par la porte 13<br \/>\nEn m\u00e9tro Delta &#8211; P\u00e9tillon : voir le plan.<br \/>\nA pied : voir le plan<\/p>\n<p>&nbsp;<\/p>\n<p>&nbsp;<\/p>\n<p><strong>Programme<\/strong><\/p>\n<p>Inscription d\u00e8s 9h30. Veuillez arriver \u00e0 temps pour passer \u00e0 l&rsquo;acceuil et r\u00e9cup\u00e9rer votre casque audio pour les traductions avant le d\u00e9but du programme officiel.<\/p>\n<p>La conference aura lieu le samedi\u00a0 de 10h \u00e0 18h.<\/p>\n<p>Voir le programme d\u00e9taill\u00e9 ici.<\/p>\n<p>Des programmes sp\u00e9cifiques sont organis\u00e9s pour les enfants de 5 \u00e0 11 ans et les jeunes de 12 \u00e0 15 ans.<\/p>\n<p>&nbsp;<\/p>\n<p>&nbsp;<\/p>\n<p><strong>Covid-19<\/strong><\/p>\n<p>Les mesures Covid-19 en vigueur seront appliqu\u00e9es.<\/p>\n<p>&nbsp;<\/p>\n<p>&nbsp;<\/p>\n<p><strong>Repas et restauration<\/strong><\/p>\n<p>Pr\u00e9vu sur place.<\/p>\n<p>&nbsp;<\/p>\n<p>&nbsp;<\/p>\n<p><strong>Logement<\/strong><\/p>\n<div>Pour ceux qui souhaitent r\u00e9server un logement \u00e0 l&rsquo;h\u00f4tel, les \u00e9tablissements ci-dessous sont assez proches du lieu de la conf\u00e9rence :<\/div>\n<div><\/div>\n<div><a title=\"https:\/\/all.accor.com\/hotel\/B5M6\/index.en.shtml?utm_campaign=seo+maps&amp;utm_medium=seo+maps&amp;utm_source=google+Maps\" href=\"https:\/\/all.accor.com\/hotel\/B5M6\/index.en.shtml?utm_campaign=seo+maps&amp;utm_medium=seo+maps&amp;utm_source=google+Maps\" target=\"_blank\" rel=\"noopener noreferrer\" data-auth=\"NotApplicable\" data-linkindex=\"0\">Adagio Access Brussels Delta<\/a>\u00a0(800 m)<\/div>\n<div><a title=\"https:\/\/all.accor.com\/hotel\/8915\/index.en.shtml?utm_campaign=seo+maps&amp;utm_medium=seo+maps&amp;utm_source=google+Maps\" href=\"https:\/\/all.accor.com\/hotel\/8915\/index.en.shtml?utm_campaign=seo+maps&amp;utm_medium=seo+maps&amp;utm_source=google+Maps\" target=\"_blank\" rel=\"noopener noreferrer\" data-auth=\"NotApplicable\" data-linkindex=\"1\">Ibis Style Brussels Louise<\/a>\u00a0(3km)<br \/>\n<a href=\"https:\/\/www.hotel-bb.com\/fr\/hotel\/brussels-centre-louise\">B&amp;B Hotel Brussels Centre Louise<\/a> (2.2km)<\/div>\n<p>[\/vc_column_text][vc_empty_space height=\u00a0\u00bb5px\u00a0\u00bb][\/vc_column][\/vc_row][vc_row row_type=\u00a0\u00bbparallax\u00a0\u00bb parallax_content_width=\u00a0\u00bbfull_width\u00a0\u00bb text_align=\u00a0\u00bbleft\u00a0\u00bb background_image=\u00a0\u00bb18847&Prime; full_screen_section_height=\u00a0\u00bbno\u00a0\u00bb section_height=\u00a0\u00bb1000&Prime; css=\u00a0\u00bb.vc_custom_1647109373586{padding-right: 0px !important;padding-left: 0px !important;background-image: url(http:\/\/bahai.be\/wp-content\/uploads\/2017\/03\/2-who-we-are-history-growing-into-a-world-faith4-e1492189382839.jpg?id=16756) !important;}\u00a0\u00bb][vc_column css=\u00a0\u00bb.vc_custom_1647017751447{padding-top: 25% !important;padding-right: 0px !important;padding-left: 0px !important;}\u00a0\u00bb][\/vc_column][\/vc_row]<\/p>\n<\/div>","protected":false},"excerpt":{"rendered":"<p>[vc_row css_animation=\u00a0\u00bb\u00a0\u00bb row_type=\u00a0\u00bbrow\u00a0\u00bb use_row_as_full_screen_section=\u00a0\u00bbyes\u00a0\u00bb type=\u00a0\u00bbgrid\u00a0\u00bb angled_section=\u00a0\u00bbno\u00a0\u00bb text_align=\u00a0\u00bbleft\u00a0\u00bb background_image_as_pattern=\u00a0\u00bbwithout_pattern\u00a0\u00bb][vc_column][vc_raw_html]JTNDYSUyMG5hbWUlM0QlMjJjb25mZXJlbmNlJTIyJTNFJTNDJTJGYSUzRQ==[\/vc_raw_html][\/vc_column][\/vc_row][vc_row css_animation=\u00a0\u00bb\u00a0\u00bb row_type=\u00a0\u00bbrow\u00a0\u00bb use_row_as_full_screen_section=\u00a0\u00bbno\u00a0\u00bb type=\u00a0\u00bbgrid\u00a0\u00bb angled_section=\u00a0\u00bbno\u00a0\u00bb text_align=\u00a0\u00bbleft\u00a0\u00bb background_image_as_pattern=\u00a0\u00bbwithout_pattern\u00a0\u00bb css=\u00a0\u00bb.vc_custom_1647252752643{padding-top: 2% !important;padding-bottom: 4% !important;}\u00a0\u00bb][vc_column width=\u00a0\u00bb2\/3&Prime; offset=\u00a0\u00bbvc_col-lg-offset-2 vc_hidden-lg vc_hidden-md vc_hidden-sm\u00a0\u00bb][\/vc_column][\/vc_row][vc_row css_animation=\u00a0\u00bb\u00a0\u00bb row_type=\u00a0\u00bbrow\u00a0\u00bb use_row_as_full_screen_section=\u00a0\u00bbno\u00a0\u00bb type=\u00a0\u00bbgrid\u00a0\u00bb angled_section=\u00a0\u00bbno\u00a0\u00bb text_align=\u00a0\u00bbleft\u00a0\u00bb background_image_as_pattern=\u00a0\u00bbwithout_pattern\u00a0\u00bb][vc_column width=\u00a0\u00bb2\/3&Prime; offset=\u00a0\u00bbvc_col-lg-offset-2 vc_col-sm-offset-1 vc_hidden-xs\u00a0\u00bb][\/vc_column][\/vc_row][vc_row css_animation=\u00a0\u00bb\u00a0\u00bb row_type=\u00a0\u00bbrow\u00a0\u00bb use_row_as_full_screen_section=\u00a0\u00bbno\u00a0\u00bb type=\u00a0\u00bbgrid\u00a0\u00bb angled_section=\u00a0\u00bbno\u00a0\u00bb text_align=\u00a0\u00bbleft\u00a0\u00bb background_image_as_pattern=\u00a0\u00bbwithout_pattern\u00a0\u00bb css=\u00a0\u00bb.vc_custom_1647252406608{padding-top: 4% !important;padding-bottom: 4% !important;}\u00a0\u00bb][vc_column width=\u00a0\u00bb2\/3&Prime; offset=\u00a0\u00bbvc_col-lg-offset-2 vc_col-sm-offset-1&Prime;][vc_empty_space height=\u00a0\u00bb40px\u00a0\u00bb][vc_column_text] Bruxelles &nbsp; 8 octobre 2022, de 10h \u00e0 18h Une mission historique. Une immense entreprise collective. [\/vc_column_text][\/vc_column][\/vc_row][vc_row css_animation=\u00a0\u00bb\u00a0\u00bb row_type=\u00a0\u00bbrow\u00a0\u00bb use_row_as_full_screen_section=\u00a0\u00bbno\u00a0\u00bb type=\u00a0\u00bbgrid\u00a0\u00bb angled_section=\u00a0\u00bbno\u00a0\u00bb text_align=\u00a0\u00bbleft\u00a0\u00bb background_image_as_pattern=\u00a0\u00bbwithout_pattern\u00a0\u00bb css=\u00a0\u00bb.vc_custom_1647012456564{padding-bottom: 2% !important;}\u00a0\u00bb][vc_column width=\u00a0\u00bb2\/3&Prime; offset=\u00a0\u00bbvc_col-lg-offset-2 vc_col-sm-offset-1&Prime;][vc_column_text]Une vague de conf\u00e9rences, ouvertes \u00e0 tous les d\u00e9fenseurs de l&rsquo;humanit\u00e9, d\u00e9ferle sur la plan\u00e8te pour explorer les progr\u00e8s et les efforts de nos communaut\u00e9s et l&rsquo;appel universel de Bah\u00e1&rsquo;u&rsquo;ll\u00e1h \u00e0 travailler \u00e0 l&rsquo;am\u00e9lioration du monde. Les conf\u00e9rences sont ouvertes aux personnes de tous horizons, cultures, croyances et \u00e2ges. Les familles sont particuli\u00e8rement bienvenues et des programmes seront propos\u00e9s aux enfants et aux jeunes. &nbsp; Bruxelles accueillera une conf\u00e9rence&#8230;<\/p>\n","protected":false},"author":1,"featured_media":0,"parent":0,"menu_order":0,"comment_status":"open","ping_status":"closed","template":"full_width.php","meta":{"footnotes":""},"class_list":["post-18900","page","type-page","status-publish","hentry"],"_links":{"self":[{"href":"https:\/\/bahai.be\/fr\/wp-json\/wp\/v2\/pages\/18900","targetHints":{"allow":["GET"]}}],"collection":[{"href":"https:\/\/bahai.be\/fr\/wp-json\/wp\/v2\/pages"}],"about":[{"href":"https:\/\/bahai.be\/fr\/wp-json\/wp\/v2\/types\/page"}],"author":[{"embeddable":true,"href":"https:\/\/bahai.be\/fr\/wp-json\/wp\/v2\/users\/1"}],"replies":[{"embeddable":true,"href":"https:\/\/bahai.be\/fr\/wp-json\/wp\/v2\/comments?post=18900"}],"version-history":[{"count":19,"href":"https:\/\/bahai.be\/fr\/wp-json\/wp\/v2\/pages\/18900\/revisions"}],"predecessor-version":[{"id":18995,"href":"https:\/\/bahai.be\/fr\/wp-json\/wp\/v2\/pages\/18900\/revisions\/18995"}],"wp:attachment":[{"href":"https:\/\/bahai.be\/fr\/wp-json\/wp\/v2\/media?parent=18900"}],"curies":[{"name":"wp","href":"https:\/\/api.w.org\/{rel}","templated":true}]}}