{"id":18902,"date":"2022-03-14T11:04:54","date_gmt":"2022-03-14T11:04:54","guid":{"rendered":"http:\/\/bahai.be\/?page_id=18902"},"modified":"2022-09-03T12:18:33","modified_gmt":"2022-09-03T12:18:33","slug":"conference","status":"publish","type":"page","link":"https:\/\/bahai.be\/nl\/conference\/","title":{"rendered":"Conference"},"content":{"rendered":"<div class=\"wpb-content-wrapper\"><p>[vc_row css_animation=&#8221;&#8221; row_type=&#8221;row&#8221; use_row_as_full_screen_section=&#8221;yes&#8221; type=&#8221;grid&#8221; angled_section=&#8221;no&#8221; text_align=&#8221;left&#8221; background_image_as_pattern=&#8221;without_pattern&#8221;][vc_column][vc_raw_html]JTNDYSUyMG5hbWUlM0QlMjJjb25mZXJlbmNlJTIyJTNFJTNDJTJGYSUzRQ==[\/vc_raw_html][\/vc_column][\/vc_row][vc_row css_animation=&#8221;&#8221; row_type=&#8221;row&#8221; use_row_as_full_screen_section=&#8221;no&#8221; type=&#8221;grid&#8221; angled_section=&#8221;no&#8221; text_align=&#8221;left&#8221; background_image_as_pattern=&#8221;without_pattern&#8221; css=&#8221;.vc_custom_1647252752643{padding-top: 2% !important;padding-bottom: 4% !important;}&#8221;][vc_column width=&#8221;2\/3&#8243; offset=&#8221;vc_col-lg-offset-2 vc_hidden-lg vc_hidden-md vc_hidden-sm&#8221;]<div class=\"custom_font_holder \" style=\"font-family: crimson text; font-style: normal; font-weight: 400; color: #4c4c4c; text-decoration: none; text-align: center; --qode-cf-font-size: 50px; --qode-cf-line-height: 50px; --qode-cf-font-size-1440: 50px; --qode-cf-line-height-1440: 50px; --qode-cf-font-size-1366: 50px; --qode-cf-line-height-1366: 50px; --qode-cf-font-size-1280: 50px; --qode-cf-line-height-1280: 50px; --qode-cf-font-size-1024: 50px; --qode-cf-line-height-1024: 50px; --qode-cf-font-size-768: 50px; --qode-cf-line-height-768: 50px; --qode-cf-font-size-680: 50px; --qode-cf-line-height-680: 50px; --qode-cf-font-size-480: 50px; --qode-cf-line-height-480: 50px;\">Bouwen aan levendige gemeenschappen<\/div>[\/vc_column][\/vc_row][vc_row css_animation=&#8221;&#8221; row_type=&#8221;row&#8221; use_row_as_full_screen_section=&#8221;no&#8221; type=&#8221;grid&#8221; angled_section=&#8221;no&#8221; text_align=&#8221;left&#8221; background_image_as_pattern=&#8221;without_pattern&#8221;][vc_column width=&#8221;2\/3&#8243; offset=&#8221;vc_col-lg-offset-2 vc_col-sm-offset-1 vc_hidden-xs&#8221;]<div class=\"custom_font_holder \" style=\"font-family: crimson text; font-style: normal; font-weight: 400; color: #4c4c4c; text-decoration: none; text-align: center; --qode-cf-font-size: 95px; --qode-cf-line-height: 95px; --qode-cf-font-size-1440: 95px; --qode-cf-line-height-1440: 95px; --qode-cf-font-size-1366: 95px; --qode-cf-line-height-1366: 95px; --qode-cf-font-size-1280: 95px; --qode-cf-line-height-1280: 95px; --qode-cf-font-size-1024: 95px; --qode-cf-line-height-1024: 95px; --qode-cf-font-size-768: 95px; --qode-cf-line-height-768: 95px; --qode-cf-font-size-680: 95px; --qode-cf-line-height-680: 95px; --qode-cf-font-size-480: 95px; --qode-cf-line-height-480: 95px;\">Bouwen aan levendige gemeenschappen<\/div>[\/vc_column][\/vc_row][vc_row css_animation=&#8221;&#8221; row_type=&#8221;row&#8221; use_row_as_full_screen_section=&#8221;no&#8221; type=&#8221;grid&#8221; angled_section=&#8221;no&#8221; text_align=&#8221;left&#8221; background_image_as_pattern=&#8221;without_pattern&#8221; css=&#8221;.vc_custom_1647252406608{padding-top: 4% !important;padding-bottom: 4% !important;}&#8221;][vc_column width=&#8221;2\/3&#8243; offset=&#8221;vc_col-lg-offset-2 vc_col-sm-offset-1&#8243;]<div class=\"custom_font_holder \" style=\"font-family: crimson text; font-style: normal; font-weight: 400; color: #4c4c4c; text-decoration: none; letter-spacing: 5px; text-align: center; --qode-cf-font-size: 35px; --qode-cf-line-height: 55px; --qode-cf-font-size-1440: 35px; --qode-cf-line-height-1440: 55px; --qode-cf-font-size-1366: 35px; --qode-cf-line-height-1366: 55px; --qode-cf-font-size-1280: 35px; --qode-cf-line-height-1280: 55px; --qode-cf-font-size-1024: 35px; --qode-cf-line-height-1024: 55px; --qode-cf-font-size-768: 35px; --qode-cf-line-height-768: 55px; --qode-cf-font-size-680: 35px; --qode-cf-line-height-680: 55px; --qode-cf-font-size-480: 35px; --qode-cf-line-height-480: 55px;\">Iedereen kan bijdragen aan verandering<\/div>[vc_empty_space height=&#8221;40px&#8221;][vc_column_text]<\/p>\n<h4 style=\"text-align: center;\"><strong>Brussel<\/strong><\/h4>\n<p>&nbsp;<\/p>\n<p style=\"text-align: center;\"><strong>8 oktober 2022, 10u tot 18u<\/strong><\/p>\n<p style=\"text-align: center;\"><em>Een historische missie. Een immense collectieve onderneming.<\/em><\/p>\n<p>[\/vc_column_text][\/vc_column][\/vc_row][vc_row css_animation=&#8221;&#8221; row_type=&#8221;row&#8221; use_row_as_full_screen_section=&#8221;no&#8221; type=&#8221;grid&#8221; angled_section=&#8221;no&#8221; text_align=&#8221;left&#8221; background_image_as_pattern=&#8221;without_pattern&#8221; css=&#8221;.vc_custom_1647012456564{padding-bottom: 2% !important;}&#8221;][vc_column width=&#8221;2\/3&#8243; offset=&#8221;vc_col-lg-offset-2 vc_col-sm-offset-1&#8243;][vc_column_text]Over de hele wereld is een golf van conferenties aan de gang die openstaan voor alle welwillende mensen die samen de inspanningen en vooruitgang van onze gemeenschappen willen bekijken in relatie tot de universele oproep van Bah\u00e1&#8217;u&#8217;ll\u00e1h om aan de verbetering van onze wereld te werken. De conferenties zijn toegankelijk voor mensen van alle achtergronden, culturen, religies en leeftijden. Gezinnen zijn bijzonder welkom. Er zullen programma&#8217;s worden aangeboden zowel kinderen als voor de jeugd.<\/p>\n<p>&nbsp;<\/p>\n<p>Brussel zal gastheer zijn voor een van de duizend conferenties die wereldwijd worden gehouden.[\/vc_column_text][vc_empty_space height=&#8221;30px&#8221;][\/vc_column][\/vc_row][vc_row css_animation=&#8221;&#8221; row_type=&#8221;row&#8221; use_row_as_full_screen_section=&#8221;no&#8221; type=&#8221;full_width&#8221; angled_section=&#8221;no&#8221; text_align=&#8221;center&#8221; background_image_as_pattern=&#8221;without_pattern&#8221; css=&#8221;.vc_custom_1647012525821{padding-bottom: 2% !important;}&#8221;][vc_column css=&#8221;.vc_custom_1489737828566{padding-top: 0px !important;padding-bottom: 0px !important;}&#8221;]<a  itemprop=\"url\" href=\"https:\/\/forms.gle\/bLfDR8tSXxnhLJnv9\" target=\"_self\"  class=\"qbutton  large center default\" style=\"\">Inschrijven voor de conferentie<\/a>[vc_empty_space height=&#8221;30px&#8221;][\/vc_column][\/vc_row][vc_row css_animation=&#8221;&#8221; row_type=&#8221;row&#8221; use_row_as_full_screen_section=&#8221;no&#8221; type=&#8221;full_width&#8221; angled_section=&#8221;no&#8221; text_align=&#8221;left&#8221; background_image=&#8221;18800&#8243; background_image_as_pattern=&#8221;without_pattern&#8221; css=&#8221;.vc_custom_1647252219810{padding-top: 10% !important;padding-right: 3% !important;padding-bottom: 10% !important;padding-left: 3% !important;}&#8221;][vc_column css=&#8221;.vc_custom_1647014755141{padding-top: 0px !important;padding-bottom: 0px !important;}&#8221; offset=&#8221;vc_col-xs-12&#8243;][vc_column_text]<\/p>\n<h6 style=\"text-align: center;\"><span style=\"color: #ffffff;\">&#8220;&#8230;werk aan de verbetering van de wereld <\/span><\/h6>\n<h6 style=\"text-align: center;\"><span style=\"color: #ffffff;\">en leef tesamen in eendracht en harmonie .&#8221;<\/span><\/h6>\n<h6 style=\"text-align: center;\"><span style=\"color: #ffffff;\">Bah\u00e1&#8217;u&#8217;ll\u00e1h<br \/>\n<\/span><\/h6>\n<p>[\/vc_column_text][\/vc_column][\/vc_row][vc_row css_animation=&#8221;&#8221; row_type=&#8221;row&#8221; use_row_as_full_screen_section=&#8221;no&#8221; type=&#8221;grid&#8221; angled_section=&#8221;no&#8221; text_align=&#8221;left&#8221; background_image_as_pattern=&#8221;without_pattern&#8221; css=&#8221;.vc_custom_1647017958100{padding-top: 2% !important;padding-bottom: 2% !important;}&#8221;][vc_column width=&#8221;2\/3&#8243; offset=&#8221;vc_col-lg-offset-2 vc_col-sm-offset-1&#8243;][vc_empty_space height=&#8221;50px&#8221;][vc_column_text css=&#8221;.vc_custom_1647269729626{padding-right: 2% !important;}&#8221;]<\/p>\n<p style=\"text-align: justify;\"><strong>Wat willen we, <\/strong><strong>individuen, gemeenschappen en instellingen,<\/strong><strong>\u00a0leren?<\/strong><\/p>\n<ul>\n<li style=\"text-align: justify;\">Leren hoe levendige, naar buiten gerichte gemeenschappen kunnen worden opgebouwd.<\/li>\n<li style=\"text-align: justify;\">Hoe deze gemeenschappen kunnen leren hoe ze spirituele en materi\u00eble vooruitgang tot stand kunnen brengen.<\/li>\n<\/ul>\n<p>[\/vc_column_text][vc_empty_space height=&#8221;50px&#8221;][\/vc_column][\/vc_row][vc_row css_animation=&#8221;&#8221; row_type=&#8221;row&#8221; use_row_as_full_screen_section=&#8221;no&#8221; type=&#8221;full_width&#8221; angled_section=&#8221;no&#8221; text_align=&#8221;left&#8221; background_image=&#8221;18806&#8243; background_image_as_pattern=&#8221;without_pattern&#8221; css=&#8221;.vc_custom_1647017256425{padding-top: 10% !important;padding-right: 3% !important;padding-bottom: 10% !important;padding-left: 3% !important;}&#8221;][vc_column css=&#8221;.vc_custom_1647014755141{padding-top: 0px !important;padding-bottom: 0px !important;}&#8221; offset=&#8221;vc_col-xs-12&#8243;][vc_column_text]<\/p>\n<h6 style=\"text-align: center;\"><span style=\"color: #ffffff;\">&#8220;&#8230;voor elke gemeenschap is er een doel binnen bereik,<\/span><\/h6>\n<h6 style=\"text-align: center;\"><span style=\"color: #ffffff;\"> en voor elk doel een pad om te bereiken.&#8221;<\/span><\/h6>\n<h6 style=\"text-align: center;\"><span style=\"color: #ffffff;\">&#8211; Universele Huis van Gerechtigheid<br \/>\n<\/span><\/h6>\n<p>[\/vc_column_text][\/vc_column][\/vc_row][vc_row css_animation=&#8221;&#8221; row_type=&#8221;row&#8221; use_row_as_full_screen_section=&#8221;no&#8221; type=&#8221;full_width&#8221; angled_section=&#8221;no&#8221; text_align=&#8221;left&#8221; background_image_as_pattern=&#8221;without_pattern&#8221; css=&#8221;.vc_custom_1492191281250{padding-top: 0% !important;padding-bottom: 0% !important;}&#8221;][vc_column css=&#8221;.vc_custom_1647251919602{padding-top: 2% !important;padding-bottom: 2% !important;}&#8221;][qode_elements_holder number_of_columns=&#8221;two_columns&#8221;][qode_elements_holder_item vertical_alignment=&#8221;middle&#8221; advanced_animations=&#8221;no&#8221;][vc_single_image image=&#8221;18836&#8243; img_size=&#8221;large&#8221; alignment=&#8221;right&#8221; qode_css_animation=&#8221;&#8221;][\/qode_elements_holder_item][qode_elements_holder_item background_color=&#8221;#fcfaf7&#8243; item_padding=&#8221;10% 25% 10% 5%&#8221; advanced_animations=&#8221;no&#8221; item_padding_1280_1440=&#8221;10% 15%&#8221; item_padding_1024_1280=&#8221;10% 15%&#8221; item_padding_768_1024=&#8221;10% 15%&#8221; item_padding_600_768=&#8221;10% 15%&#8221; item_padding_480_600=&#8221;10% 15%&#8221; item_padding_480=&#8221;10% 15%&#8221;]<div class=\"custom_font_holder \" style=\"font-family: crimson text; font-style: normal; font-weight: 400; color: #8bcbde; text-decoration: none; text-align: left; --qode-cf-font-size: 40px; --qode-cf-line-height: 55px; --qode-cf-font-size-1440: 40px; --qode-cf-line-height-1440: 55px; --qode-cf-font-size-1366: 40px; --qode-cf-line-height-1366: 55px; --qode-cf-font-size-1280: 40px; --qode-cf-line-height-1280: 55px; --qode-cf-font-size-1024: 40px; --qode-cf-line-height-1024: 55px; --qode-cf-font-size-768: 40px; --qode-cf-line-height-768: 55px; --qode-cf-font-size-680: 40px; --qode-cf-line-height-680: 55px; --qode-cf-font-size-480: 40px; --qode-cf-line-height-480: 55px;\">\u2018Abdu\u2019l-Bah\u00e1\u00a0legt uit : &#8220;Hoe meer de kwaliteiten van samenwerking en wederzijdse steun door een volk in praktijk worden gebracht, hoe meer de menselijke samenleving vooruitgang en voorspoed zal ervaren.&#8221;<\/div>[vc_empty_space height=&#8221;50px&#8221;]<div class=\"custom_font_holder \" style=\"font-family: crimson text; font-style: normal; font-weight: 400; color: #8bcbde; text-decoration: none; text-align: left; --qode-cf-font-size: 40px; --qode-cf-line-height: 55px; --qode-cf-font-size-1440: 40px; --qode-cf-line-height-1440: 55px; --qode-cf-font-size-1366: 40px; --qode-cf-line-height-1366: 55px; --qode-cf-font-size-1280: 40px; --qode-cf-line-height-1280: 55px; --qode-cf-font-size-1024: 40px; --qode-cf-line-height-1024: 55px; --qode-cf-font-size-768: 40px; --qode-cf-line-height-768: 55px; --qode-cf-font-size-680: 40px; --qode-cf-line-height-680: 55px; --qode-cf-font-size-480: 40px; --qode-cf-line-height-480: 55px;\">De wereld bevindt zich op een cruciaal moment.<\/div>[vc_empty_space height=&#8221;45px&#8221;][\/qode_elements_holder_item][\/qode_elements_holder][\/vc_column][\/vc_row][vc_row css_animation=&#8221;&#8221; row_type=&#8221;row&#8221; use_row_as_full_screen_section=&#8221;no&#8221; type=&#8221;full_width&#8221; angled_section=&#8221;no&#8221; text_align=&#8221;left&#8221; background_image=&#8221;18890&#8243; background_image_as_pattern=&#8221;without_pattern&#8221; css=&#8221;.vc_custom_1647253664949{padding-top: 10% !important;padding-right: 3% !important;padding-bottom: 10% !important;padding-left: 3% !important;}&#8221;][vc_column css=&#8221;.vc_custom_1647014755141{padding-top: 0px !important;padding-bottom: 0px !important;}&#8221; offset=&#8221;vc_col-xs-12&#8243;][vc_column_text]<\/p>\n<h6><\/h6>\n<h6 style=\"text-align: center;\"><span style=\"color: #ffffff;\">&#8220;De wereldwijde uitdagingen waar de mensheid nu voor staat, zijn een zware test voor haar bereidheid om kortetermijnbelangen opzij te zetten en in het reine te komen met deze grimmige spirituele en morele realiteit: &#8220;Er is maar \u00e9\u00e9n onderling verbonden menselijke familie en zij deelt \u00e9\u00e9n kostbaar thuisland.&#8221;\u00a0<\/span><\/h6>\n<h6 style=\"text-align: center;\"><span style=\"color: #ffffff;\">\u2014 Universele Huis van Gerechtigheid<\/span><\/h6>\n<p>[\/vc_column_text][\/vc_column][\/vc_row][vc_row css_animation=&#8221;&#8221; row_type=&#8221;row&#8221; use_row_as_full_screen_section=&#8221;no&#8221; type=&#8221;grid&#8221; angled_section=&#8221;no&#8221; text_align=&#8221;center&#8221; background_image_as_pattern=&#8221;without_pattern&#8221; css=&#8221;.vc_custom_1647017626302{padding-top: 2% !important;padding-bottom: 2% !important;}&#8221;][vc_column width=&#8221;2\/3&#8243; offset=&#8221;vc_col-lg-offset-2 vc_col-sm-offset-1&#8243; css=&#8221;.vc_custom_1647253307474{padding-top: 6% !important;}&#8221;]<div class=\"custom_font_holder \" style=\"font-family: crimson text; font-style: normal; font-weight: 400; color: #4c4c4c; text-decoration: none; text-align: left; --qode-cf-font-size: 40px; --qode-cf-line-height: 55px; --qode-cf-font-size-1440: 40px; --qode-cf-line-height-1440: 55px; --qode-cf-font-size-1366: 40px; --qode-cf-line-height-1366: 55px; --qode-cf-font-size-1280: 40px; --qode-cf-line-height-1280: 55px; --qode-cf-font-size-1024: 40px; --qode-cf-line-height-1024: 55px; --qode-cf-font-size-768: 40px; --qode-cf-line-height-768: 55px; --qode-cf-font-size-680: 40px; --qode-cf-line-height-680: 55px; --qode-cf-font-size-480: 40px; --qode-cf-line-height-480: 55px;\">Kom samen met vrienden, families, collega&#8217;s en buren, van uit heel Belgi\u00eb, om een gezamenlijke visie voor de verbetering van onze ene wereld te ontwikkelen.<\/div>[vc_empty_space height=&#8221;70px&#8221;]<a  itemprop=\"url\" href=\"https:\/\/forms.gle\/bLfDR8tSXxnhLJnv9\" target=\"_self\"  class=\"qbutton  large center default\" style=\"\">Inschrijven voor de conferentie<\/a>[\/vc_column][\/vc_row][vc_row css_animation=&#8221;&#8221; row_type=&#8221;row&#8221; use_row_as_full_screen_section=&#8221;no&#8221; type=&#8221;grid&#8221; angled_section=&#8221;no&#8221; text_align=&#8221;left&#8221; background_image_as_pattern=&#8221;without_pattern&#8221; css=&#8221;.vc_custom_1646926490862{padding-top: 2% !important;padding-bottom: 8% !important;}&#8221;][vc_column width=&#8221;2\/3&#8243; offset=&#8221;vc_col-lg-offset-2&#8243;][vc_separator type=&#8221;normal&#8221;][vc_empty_space height=&#8221;45px&#8221;][vc_column_text]<strong>Locatie<\/strong><\/p>\n<p>VUB<br \/>\nPleinlaan 13<br \/>\n1050 Elsene<\/p>\n<p>Plenaire sessies in gebouw Q (zie kaart)<br \/>\nBreakout-sessies in gebouw D, tweede verdieping (zie kaart)<\/p>\n<p>&nbsp;<\/p>\n<p><a href=\"https:\/\/student.vub.be\/sites\/vub\/files\/nieuws\/users\/mipers\/plans_vub_etterbeek_nl_2019_juli_public.pdf\">Kaart 1<\/a>\u00a0 \u00a0 \u00a0 \u00a0 \u00a0 <a href=\"https:\/\/www.vub.be\/sites\/vub\/files\/2021_11_02_basis_campusplan_etterbeek_kleur_2_.pdf\">Kaart 2<\/a><\/p>\n<p>Met de auto: Gelieve binnen te rijden via Gate 13, die u naar de ondergrondse parking brengt (200 gratis parkeerplaatsen).<br \/>\nMet de trein vanuit station Etterbeek: Gelieve gate 13 te gebruiken<br \/>\nMet de bus 95 &#8211; 96: Gelieve gate 13 te gebruiken<br \/>\nMet tram 7 &#8211; 25 of fiets: Gelieve gate 13 te gebruiken<br \/>\nMet de metro Delta &#8211; Petillon: zie plattegrond<br \/>\nTe voet: zie kaart<\/p>\n<p>&nbsp;<\/p>\n<p>&nbsp;<\/p>\n<p><strong>Programma<\/strong><\/p>\n<p>De receptie gaat open om 9u30. Kom op tijd om ervoor te zorgen dat u geregistreerd bent en uw headset voor de vertalingen hebt voordat het offici\u00eble programma begint. De conferentie loopt de Zaterdag van 10u tot 18u.<\/p>\n<p>Voor details van programma zie hier.<\/p>\n<p>Er worden specifieke programma&#8217;s georganiseerd voor kinderen van 5 tot 11 jaar en voor jongeren van 12 tot 15 jaar.<\/p>\n<p>&nbsp;<\/p>\n<p>&nbsp;<\/p>\n<p><strong>Covid-19<\/strong><\/p>\n<p>De huidige Covid-19 maatregelen zullen van toepassing zijn.<\/p>\n<p>&nbsp;<\/p>\n<p>&nbsp;<\/p>\n<p><strong>Maaltijden en catering<\/strong><\/p>\n<p>Maaltijden en catering zullen ter plaatse verzorgd worden.<\/p>\n<p>&nbsp;<\/p>\n<p>&nbsp;<\/p>\n<p><strong>Accommodatie<\/strong><\/p>\n<p>Voor degenen die hotelaccommodatie wensen te boeken, zijn de volgende hotels vrij dicht bij de plaats van de conferentie:<\/p>\n<div><a title=\"https:\/\/all.accor.com\/hotel\/B5M6\/index.en.shtml?utm_campaign=seo+maps&amp;utm_medium=seo+maps&amp;utm_source=google+Maps\" href=\"https:\/\/all.accor.com\/hotel\/B5M6\/index.en.shtml?utm_campaign=seo+maps&amp;utm_medium=seo+maps&amp;utm_source=google+Maps\" target=\"_blank\" rel=\"noopener noreferrer\" data-auth=\"NotApplicable\" data-linkindex=\"0\">Adagio Access Brussels Delta<\/a>\u00a0(800 m)<\/div>\n<div><a title=\"https:\/\/all.accor.com\/hotel\/8915\/index.en.shtml?utm_campaign=seo+maps&amp;utm_medium=seo+maps&amp;utm_source=google+Maps\" href=\"https:\/\/all.accor.com\/hotel\/8915\/index.en.shtml?utm_campaign=seo+maps&amp;utm_medium=seo+maps&amp;utm_source=google+Maps\" target=\"_blank\" rel=\"noopener noreferrer\" data-auth=\"NotApplicable\" data-linkindex=\"1\">Ibis Style Brussels Louise<\/a>\u00a0(3km)<br \/>\n<a href=\"https:\/\/www.hotel-bb.com\/fr\/hotel\/brussels-centre-louise\">B&amp;B Hotel Brussels Centre Louise<\/a> (2.2km)<\/div>\n<p>[\/vc_column_text][vc_empty_space height=&#8221;5px&#8221;][\/vc_column][\/vc_row][vc_row row_type=&#8221;parallax&#8221; parallax_content_width=&#8221;full_width&#8221; text_align=&#8221;left&#8221; background_image=&#8221;18847&#8243; full_screen_section_height=&#8221;no&#8221; section_height=&#8221;1000&#8243; css=&#8221;.vc_custom_1647109373586{padding-right: 0px !important;padding-left: 0px !important;background-image: url(http:\/\/bahai.be\/wp-content\/uploads\/2017\/03\/2-who-we-are-history-growing-into-a-world-faith4-e1492189382839.jpg?id=16756) !important;}&#8221;][vc_column css=&#8221;.vc_custom_1647017751447{padding-top: 25% !important;padding-right: 0px !important;padding-left: 0px !important;}&#8221;][\/vc_column][\/vc_row]<\/p>\n<\/div>","protected":false},"excerpt":{"rendered":"<p>[vc_row css_animation=&#8221;&#8221; row_type=&#8221;row&#8221; use_row_as_full_screen_section=&#8221;yes&#8221; type=&#8221;grid&#8221; angled_section=&#8221;no&#8221; text_align=&#8221;left&#8221; background_image_as_pattern=&#8221;without_pattern&#8221;][vc_column][vc_raw_html]JTNDYSUyMG5hbWUlM0QlMjJjb25mZXJlbmNlJTIyJTNFJTNDJTJGYSUzRQ==[\/vc_raw_html][\/vc_column][\/vc_row][vc_row css_animation=&#8221;&#8221; row_type=&#8221;row&#8221; use_row_as_full_screen_section=&#8221;no&#8221; type=&#8221;grid&#8221; angled_section=&#8221;no&#8221; text_align=&#8221;left&#8221; background_image_as_pattern=&#8221;without_pattern&#8221; css=&#8221;.vc_custom_1647252752643{padding-top: 2% !important;padding-bottom: 4% !important;}&#8221;][vc_column width=&#8221;2\/3&#8243; offset=&#8221;vc_col-lg-offset-2 vc_hidden-lg vc_hidden-md vc_hidden-sm&#8221;][\/vc_column][\/vc_row][vc_row css_animation=&#8221;&#8221; row_type=&#8221;row&#8221; use_row_as_full_screen_section=&#8221;no&#8221; type=&#8221;grid&#8221; angled_section=&#8221;no&#8221; text_align=&#8221;left&#8221; background_image_as_pattern=&#8221;without_pattern&#8221;][vc_column width=&#8221;2\/3&#8243; offset=&#8221;vc_col-lg-offset-2 vc_col-sm-offset-1 vc_hidden-xs&#8221;][\/vc_column][\/vc_row][vc_row css_animation=&#8221;&#8221; row_type=&#8221;row&#8221; use_row_as_full_screen_section=&#8221;no&#8221; type=&#8221;grid&#8221; angled_section=&#8221;no&#8221; text_align=&#8221;left&#8221; background_image_as_pattern=&#8221;without_pattern&#8221; css=&#8221;.vc_custom_1647252406608{padding-top: 4% !important;padding-bottom: 4% !important;}&#8221;][vc_column width=&#8221;2\/3&#8243; offset=&#8221;vc_col-lg-offset-2 vc_col-sm-offset-1&#8243;][vc_empty_space height=&#8221;40px&#8221;][vc_column_text] Brussel &nbsp; 8 oktober 2022, 10u tot 18u Een historische missie. Een immense collectieve onderneming. [\/vc_column_text][\/vc_column][\/vc_row][vc_row css_animation=&#8221;&#8221; row_type=&#8221;row&#8221; use_row_as_full_screen_section=&#8221;no&#8221; type=&#8221;grid&#8221; angled_section=&#8221;no&#8221; text_align=&#8221;left&#8221; background_image_as_pattern=&#8221;without_pattern&#8221; css=&#8221;.vc_custom_1647012456564{padding-bottom: 2% !important;}&#8221;][vc_column width=&#8221;2\/3&#8243; offset=&#8221;vc_col-lg-offset-2 vc_col-sm-offset-1&#8243;][vc_column_text]Over de hele wereld is een golf van conferenties aan de gang die openstaan voor alle welwillende mensen die samen de inspanningen en vooruitgang van onze gemeenschappen willen bekijken in relatie tot de universele oproep van Bah\u00e1&#8217;u&#8217;ll\u00e1h om aan de verbetering van onze wereld te werken. De conferenties zijn toegankelijk voor mensen van alle achtergronden, culturen, religies en leeftijden. Gezinnen zijn bijzonder welkom. Er zullen programma&#8217;s worden aangeboden zowel kinderen&#8230;<\/p>\n","protected":false},"author":1,"featured_media":0,"parent":0,"menu_order":0,"comment_status":"open","ping_status":"closed","template":"full_width.php","meta":{"footnotes":""},"class_list":["post-18902","page","type-page","status-publish","hentry"],"_links":{"self":[{"href":"https:\/\/bahai.be\/nl\/wp-json\/wp\/v2\/pages\/18902","targetHints":{"allow":["GET"]}}],"collection":[{"href":"https:\/\/bahai.be\/nl\/wp-json\/wp\/v2\/pages"}],"about":[{"href":"https:\/\/bahai.be\/nl\/wp-json\/wp\/v2\/types\/page"}],"author":[{"embeddable":true,"href":"https:\/\/bahai.be\/nl\/wp-json\/wp\/v2\/users\/1"}],"replies":[{"embeddable":true,"href":"https:\/\/bahai.be\/nl\/wp-json\/wp\/v2\/comments?post=18902"}],"version-history":[{"count":20,"href":"https:\/\/bahai.be\/nl\/wp-json\/wp\/v2\/pages\/18902\/revisions"}],"predecessor-version":[{"id":18994,"href":"https:\/\/bahai.be\/nl\/wp-json\/wp\/v2\/pages\/18902\/revisions\/18994"}],"wp:attachment":[{"href":"https:\/\/bahai.be\/nl\/wp-json\/wp\/v2\/media?parent=18902"}],"curies":[{"name":"wp","href":"https:\/\/api.w.org\/{rel}","templated":true}]}}